{"id":83,"date":"2016-11-25T14:28:25","date_gmt":"2016-11-25T13:28:25","guid":{"rendered":"http:\/\/abd-elect.be\/ABD-ELECT_WORDPRESS\/?page_id=83"},"modified":"2024-10-16T23:50:03","modified_gmt":"2024-10-16T21:50:03","slug":"contact","status":"publish","type":"page","link":"https:\/\/abd-elect.be\/nl\/contact\/","title":{"rendered":"Contact"},"content":{"rendered":"","protected":false},"excerpt":{"rendered":"","protected":false},"author":3,"featured_media":0,"parent":0,"menu_order":1,"comment_status":"closed","ping_status":"closed","template":"","meta":[],"class_list":["post-83","page","type-page","status-publish","hentry"],"grid":"{\r\n  \"colCount\": 12,\r\n  \"colGutter\": 1,\r\n  \"rowGutters\": [],\r\n  \"frameMargin\": 0,\r\n  \"topFrameMargin\": 60,\r\n  \"bottomFrameMargin\": 0,\r\n  \"rowAttrs\": [\r\n    {\r\n      \"bgimage\": {\r\n        \"attid\": 335,\r\n        \"url\": \"\/wp-content\/uploads\/2022\/04\/campanha-de-economia-de-energia-eletrica-nas-empresas.png\",\r\n        \"sizes\": {\r\n          \"_768\": {\r\n            \"w\": 768,\r\n            \"h\": 288,\r\n            \"url\": \"\/wp-content\/uploads\/2022\/04\/campanha-de-economia-de-energia-eletrica-nas-empresas-768x288.png\"\r\n          },\r\n          \"_512\": {\r\n            \"w\": 512,\r\n            \"h\": 192,\r\n            \"url\": \"\/wp-content\/uploads\/2022\/04\/campanha-de-economia-de-energia-eletrica-nas-empresas-512x192.png\"\r\n          },\r\n          \"_265\": {\r\n            \"w\": 265,\r\n            \"h\": 99,\r\n            \"url\": \"\/wp-content\/uploads\/2022\/04\/campanha-de-economia-de-energia-eletrica-nas-empresas-265x99.png\"\r\n          }\r\n        }\r\n      },\r\n      \"row100vh\": true,\r\n      \"relid\": 1\r\n    }\r\n  ],\r\n  \"bgColor\": null,\r\n  \"cont\": [\r\n    {\r\n      \"type\": \"text\",\r\n      \"cont\": \"<p style=\\\"text-align: center;\\\"><span style=\\\"font-size: 20px;\\\"><a href=\\\"mailto:info@abd-elect.be?subject=Prise%20de%20of%20contact%20abd-elect\\\">Stuur ons een e-mail met uw verzoek<\/a><\/span><\/p><p style=\\\"text-align: center;\\\"><span style=\\\"color: #ffffff; font-size: 16px;\\\">Of via Whatsapp<\/span><\/p><div class=\\\"col-sm-12 col-md-4\\\" style=\\\"line-height: 1.2; text-align: center;\\\"><span style=\\\"font-size: 20px;\\\"><img class=\\\"aligncenter\\\" src=\\\"https:\/\/abd-elect.be\/wp-content\/uploads\/2022\/04\/square-phone-flip-solid2.svg\\\" alt=\\\"\\\" width=\\\"24\\\" height=\\\"17\\\" \/><span style=\\\"letter-spacing: 0.03em;\\\"><span style=\\\"color: #ffffff;\\\"> <a style=\\\"color: #ffffff;\\\" href=\\\"tel:+32 477 75 54 26\\\">+32 477 75 54 26 <\/a><br \/><\/span><span style=\\\"color: #ffffff;\\\">Appel 24h\/24<\/span><\/span><\/span><\/div>\",\r\n      \"align\": \"middle\",\r\n      \"row\": 0,\r\n      \"col\": 1,\r\n      \"colspan\": 4,\r\n      \"offsetx\": 0,\r\n      \"offsety\": 0,\r\n      \"spaceabove\": 0,\r\n      \"spacebelow\": 0,\r\n      \"yvel\": 1,\r\n      \"push\": 1,\r\n      \"relid\": 5,\r\n      \"absolute_position\": false,\r\n      \"classes\": \"contact\"\r\n    },\r\n    {\r\n      \"type\": \"text\",\r\n      \"cont\": \"<p><span style=\\\"font-family: roboto-condensed-v24-latin-700; color: #ffffff; font-size: 30px;\\\" lang=\\\"nl-BE\\\">Onze referenties en onze klanten<\/span><\/p><p style=\\\"line-height: 1.3;\\\"><span style=\\\"font-size: 14px;\\\" lang=\\\"nl-BE\\\">Of u nu een particulier of onderneming\u00a0bent? ABD-ELECT is actief in Brussel en in heel Belgi\u00eb. Wij zetten alles in het werk om aan de wens van onze klanten te voldoen op dezelfde wijze: \u201caltijd het allerbeste van onszelf geven voor een topservice in comfort, veiligheid, kwaliteit en techniek, en dat tegen de scherpste prijs!\u201d<\/span><\/p><p><span style=\\\"font-size: 14px;\\\" lang=\\\"nl-BE\\\">Een greep uit onze projecten:<\/span><\/p><p style=\\\"line-height: 0.8;\\\"><span style=\\\"font-size: 14px;\\\"><span style=\\\"letter-spacing: 0.03em;\\\">\u2022 <\/span><span lang=\\\"nl-BE\\\">Artdecors (Verfwinkel in Evere)<\/span><\/span><\/p><p style=\\\"line-height: 0.8;\\\"><span style=\\\"font-size: 14px;\\\" lang=\\\"nl-BE\\\">\u2022 Atelier 118 (Bedrijfscentrum)<\/span><\/p><p style=\\\"line-height: 0.8;\\\"><span style=\\\"font-size: 14px;\\\" lang=\\\"nl-BE\\\">\u2022 Brasserie Delsart (Kistenmaker in Fernelmont)<\/span><\/p><p style=\\\"line-height: 0.8;\\\"><span style=\\\"font-size: 14px;\\\" lang=\\\"nl-BE\\\">\u2022 Centre D'Entreprise Dansaert (Bedrijfscentrum)<\/span><\/p><p style=\\\"line-height: 0.8;\\\"><span style=\\\"font-size: 14px;\\\" lang=\\\"nl-BE\\\">\u2022 Dynam\u00e9quil SPRL (Uitbalancering industri\u00eble toepassingen en racemotoren in Brussel)<\/span><\/p><p style=\\\"line-height: 0.8;\\\"><span style=\\\"font-size: 14px;\\\" lang=\\\"nl-BE\\\">\u2022 Fav En Co (Verzekeringsmakelaar in Strombeek-Bever)<\/span><\/p><p style=\\\"line-height: 0.8;\\\"><span style=\\\"font-size: 14px;\\\" lang=\\\"nl-BE\\\">\u2022 GECKO Compagny SCS - Maintenance (Industrieel ingenieur in Walhain)<\/span><\/p><p style=\\\"line-height: 0.8;\\\"><span style=\\\"font-size: 14px;\\\" lang=\\\"nl-BE\\\">\u2022 Ice Skating Poseidon (de schaatsbaan van Sint-Lambrechts-Woluwe)<\/span><\/p><p style=\\\"line-height: 0.8;\\\"><span style=\\\"font-size: 14px;\\\" lang=\\\"nl-BE\\\">\u2022 Iteco - (VZW voor opleidingen in Schaarbeek)<\/span><\/p><p style=\\\"line-height: 0.8;\\\"><span style=\\\"font-size: 14px;\\\" lang=\\\"nl-BE\\\">\u2022 JobYourSelf (Coaching VZW voor startende ondernemers in Brussel)<\/span><\/p><p style=\\\"line-height: 0.8;\\\"><span style=\\\"font-size: 14px;\\\" lang=\\\"nl-BE\\\">\u2022 L'Hotel de Ville (taverne in Gembloux)<\/span><\/p><p style=\\\"line-height: 0.8;\\\"><span style=\\\"font-size: 14px;\\\">\u2022 Le Brasseur (taverne in Bruxelles)<\/span><\/p><p style=\\\"line-height: 0.8;\\\"><span style=\\\"font-size: 14px;\\\">\u2022 Le Coq (taverne in Bruxelles)<\/span><\/p><p style=\\\"line-height: 0.8;\\\"><span style=\\\"font-size: 14px;\\\" lang=\\\"nl-BE\\\">\u2022 Lims (Communicatiebedrijf in Brussel)<\/span><\/p><p style=\\\"line-height: 0.8;\\\"><span style=\\\"font-size: 14px;\\\" lang=\\\"nl-BE\\\">\u2022 Oxfam Solidariteit en hun winkel in Belgi\u00eb<\/span><\/p><p style=\\\"line-height: 0.8;\\\"><span style=\\\"font-size: 14px;\\\" lang=\\\"nl-BE\\\"><span lang=\\\"nl-BE\\\">\u2022 <\/span>Oxfam Wereldwinkel (in Vilvoorde)<\/span><\/p><p style=\\\"line-height: 0.8;\\\"><span style=\\\"font-size: 14px;\\\" lang=\\\"nl-BE\\\"><span lang=\\\"nl-BE\\\">\u2022 <\/span>Symobo (Dienstenbedrijf plaatsing bureaucontainers &amp; klaslokaalcontainers, etc.)<\/span><\/p><p style=\\\"line-height: 0.8;\\\"><span style=\\\"font-size: 14px;\\\" lang=\\\"nl-BE\\\"><span lang=\\\"nl-BE\\\">\u2022 <\/span>Syndicus Lamy (Ukkel et Sint-Lambrechts-Woluwe)<\/span><\/p><p style=\\\"line-height: 0.8;\\\"><span style=\\\"font-size: 14px;\\\" lang=\\\"nl-BE\\\"><span lang=\\\"nl-BE\\\">\u2022 <\/span>Terligo (Studiebureau in transport)<\/span><\/p><p style=\\\"line-height: 0.8;\\\"><span style=\\\"font-size: 14px;\\\">\u2026<\/span><\/p>\",\r\n      \"align\": \"middle\",\r\n      \"row\": 0,\r\n      \"col\": 7,\r\n      \"colspan\": 4,\r\n      \"offsetx\": 0,\r\n      \"offsety\": 0,\r\n      \"spaceabove\": 0,\r\n      \"spacebelow\": 0,\r\n      \"yvel\": 1,\r\n      \"push\": 7,\r\n      \"relid\": 7,\r\n      \"classes\": \"contact\",\r\n      \"dosync\": false,\r\n      \"absolute_position\": true\r\n    }\r\n  ]\r\n}","phonegrid":"{\r\n  \"colCount\": 12,\r\n  \"colGutter\": 1,\r\n  \"rowGutters\": [\r\n    5,\r\n    5\r\n  ],\r\n  \"frameMargin\": 5,\r\n  \"leftFrameMargin\": 5,\r\n  \"rightFrameMargin\": 5,\r\n  \"topFrameMargin\": 5,\r\n  \"bottomFrameMargin\": 5,\r\n  \"rowAttrs\": [\r\n    {\r\n      \"relid\": 2\r\n    },\r\n    {\r\n      \"relid\": 3\r\n    },\r\n    {\r\n      \"relid\": 4\r\n    }\r\n  ],\r\n  \"bgColor\": null,\r\n  \"cont\": [\r\n    {\r\n      \"type\": \"img\",\r\n      \"cont\": \"\/wp-content\/uploads\/2022\/04\/campanha-de-economia-de-energia-eletrica-nas-empresas.png\",\r\n      \"align\": \"middle\",\r\n      \"row\": 0,\r\n      \"col\": 0,\r\n      \"colspan\": 12,\r\n      \"offsetx\": 0,\r\n      \"offsety\": 0,\r\n      \"spaceabove\": 0,\r\n      \"spacebelow\": 0,\r\n      \"yvel\": 1,\r\n      \"push\": 0,\r\n      \"relid\": 223,\r\n      \"attid\": 335,\r\n      \"sizes\": {\r\n        \"full\": \"\/wp-content\/uploads\/2022\/04\/campanha-de-economia-de-energia-eletrica-nas-empresas.png\",\r\n        \"_768\": \"\/wp-content\/uploads\/2022\/04\/campanha-de-economia-de-energia-eletrica-nas-empresas-768x288.png\",\r\n        \"_512\": \"\/wp-content\/uploads\/2022\/04\/campanha-de-economia-de-energia-eletrica-nas-empresas-512x192.png\",\r\n        \"_265\": \"\/wp-content\/uploads\/2022\/04\/campanha-de-economia-de-energia-eletrica-nas-empresas-265x99.png\"\r\n      },\r\n      \"w\": 800,\r\n      \"h\": 300,\r\n      \"ar\": 0.375,\r\n      \"alt\": \"\",\r\n      \"absolute_position\": false\r\n    },\r\n    {\r\n      \"type\": \"text\",\r\n      \"cont\": \"<p style=\\\"text-align: center;\\\"><span style=\\\"font-size: 20px;\\\"><a href=\\\"mailto:info@abd-elect.be?subject=Prise%20de%20of%20contact%20abd-elect\\\">Stuur ons een e-mail met uw verzoek<\/a><\/span><\/p><p style=\\\"text-align: center;\\\"><span style=\\\"color: #ffffff; font-size: 16px;\\\">Of via Whatsapp<\/span><\/p><div class=\\\"col-sm-12 col-md-4\\\" style=\\\"line-height: 1.2; text-align: center;\\\"><span style=\\\"font-size: 20px;\\\"><img class=\\\"aligncenter\\\" src=\\\"https:\/\/abd-elect.be\/wp-content\/uploads\/2022\/04\/square-phone-flip-solid2.svg\\\" alt=\\\"\\\" width=\\\"24\\\" height=\\\"17\\\" \/><span style=\\\"letter-spacing: 0.03em;\\\"><span style=\\\"color: #ffffff;\\\"> <a style=\\\"color: #ffffff;\\\" href=\\\"tel:+32 477 75 54 26\\\">+32 477 75 54 26 <\/a><br \/><\/span><span style=\\\"color: #ffffff;\\\">Appel 24h\/24<\/span><\/span><\/span><\/div>\",\r\n      \"align\": \"onethird\",\r\n      \"row\": 1,\r\n      \"col\": 1,\r\n      \"colspan\": 10,\r\n      \"offsetx\": 0,\r\n      \"offsety\": 0,\r\n      \"spaceabove\": 0,\r\n      \"spacebelow\": 0,\r\n      \"yvel\": 1,\r\n      \"push\": 1,\r\n      \"relid\": 5,\r\n      \"absolute_position\": false,\r\n      \"classes\": \"contact\"\r\n    },\r\n    {\r\n      \"type\": \"text\",\r\n      \"cont\": \"<h3 class=\\\"western\\\" style=\\\"line-height: 1.3;\\\"><span style=\\\"font-size: 30px; color: #4ba050; font-family: roboto-condensed-v24-latin-700; letter-spacing: 0.03em;\\\">Nos R\u00e9f\u00e9rences et nos Clients<\/span><\/h3><p style=\\\"line-height: 1.3;\\\"><span style=\\\"font-size: 14px; letter-spacing: 0.03em;\\\">Que vous soyez un particulier ou une entreprise ? ABD-ELECT se d\u00e9place \u00e0 Bruxelles et sur l'ensemble de la Belgique, nous mettons tout en oeuvre pour r\u00e9pondre \u00e0 nos clients et de la m\u00eame fa\u00e7on : \u00ab toujours donner le meilleur de nous-m\u00eame afin d\u2019apporter un plus \u00e0 la fois en confort, en s\u00e9curit\u00e9, en qualit\u00e9 ainsi que pour l\u2019aspect technique, tout cela en restant le plus \u00e9conomique possible. \u00bb !<\/span><\/p><p style=\\\"line-height: 1.3;\\\"><span style=\\\"letter-spacing: 0.03em;\\\"><span style=\\\"font-size: 14px;\\\">\u2022 Artdecors (Soci\u00e9t\u00e9 de peinture \u00e0 Evere)<br \/><\/span><span style=\\\"font-size: 14px;\\\">\u2022 Atelier 118 (Soci\u00e9t\u00e9 de biens professionnels)<br \/><\/span><span style=\\\"font-size: 14px;\\\">\u2022 Brasserie Delsart (tonnelier \u00e0 Fernelmont)<br \/><\/span><span style=\\\"font-size: 14px;\\\">\u2022 Centre D'Entreprise Dansaert (Soci\u00e9t\u00e9 de biens professionnels)<br \/><\/span><span style=\\\"font-size: 14px;\\\">\u2022 Dynam\u00e9quil SPRL (Equilibrage industrielles et moteurs racing \u00e0 Bruxelles)<br \/><\/span><span style=\\\"font-size: 14px;\\\">\u2022 Fav En Co (Courtier d'assurance \u00e0 Strombeek-Bever)<br \/><\/span><span style=\\\"font-size: 14px;\\\">\u2022 GECKO Compagny SCS - Maintenance (Ing\u00e9nieur industriel \u00e0 Walhain)<br \/><\/span><span style=\\\"font-size: 14px;\\\">\u2022 Ice Skating Poseidon (la patinnoire de Woluwe-Saint-Lambert)<br \/><\/span><span style=\\\"font-size: 14px;\\\">\u2022 Iteco - (ASDL de formation \u00e0 Schaerbeek)<br \/><\/span><span style=\\\"font-size: 14px;\\\">\u2022 JobYourSelf (ASBL de coach pour les futurs entrepreneurs \u00e0 Bruxelles)<br \/><\/span><span style=\\\"font-size: 14px;\\\">\u2022 L'Hotel de Ville (taverne \u00e0 Gembloux)<br \/><\/span><span style=\\\"font-size: 14px;\\\">\u2022 Le Brasseur (taverne \u00e0 Bruxelles)<br \/><\/span><span style=\\\"font-size: 14px;\\\">\u2022 Le Coq (taverne \u00e0 Bruxelles)<br \/><\/span><span style=\\\"font-size: 14px;\\\">\u2022 Lims (soci\u00e9t\u00e9 de communication \u00e0 Bruxelles)<br \/><\/span><span style=\\\"font-size: 14px;\\\">\u2022 Oxfam Solidarit\u00e9 et ses magasins en Belgique<br \/><\/span><span style=\\\"font-size: 14px;\\\">\u2022 Oxfam Magasin du Monde ( \u00e0 Vilvoorde)<br \/><\/span><span style=\\\"font-size: 14px;\\\">\u2022 Symobo (Soci\u00e9t\u00e9 de placement de contenair de bureau ou classe d'\u00e9cole etc,)<br \/><\/span><span style=\\\"font-size: 14px;\\\">\u2022 Syndic Lamy (Uccle et Woluwe-Saint-Lambert)<br \/><\/span><span style=\\\"font-size: 14px;\\\">\u2022 Terligo (soci\u00e9t\u00e9 d'\u00e9tude sur les transports)<br \/><\/span><span style=\\\"font-size: 14px;\\\">\u2026<\/span><\/span><\/p>\",\r\n      \"align\": \"bottom\",\r\n      \"row\": 2,\r\n      \"col\": 0,\r\n      \"colspan\": 12,\r\n      \"offsetx\": 0,\r\n      \"offsety\": 0,\r\n      \"spaceabove\": 0,\r\n      \"spacebelow\": 0,\r\n      \"yvel\": 1,\r\n      \"push\": 0,\r\n      \"relid\": 7,\r\n      \"classes\": \"contact\",\r\n      \"dosync\": false,\r\n      \"absolute_position\": false\r\n    }\r\n  ]\r\n}","_links":{"self":[{"href":"https:\/\/abd-elect.be\/nl\/wp-json\/wp\/v2\/pages\/83","targetHints":{"allow":["GET"]}}],"collection":[{"href":"https:\/\/abd-elect.be\/nl\/wp-json\/wp\/v2\/pages"}],"about":[{"href":"https:\/\/abd-elect.be\/nl\/wp-json\/wp\/v2\/types\/page"}],"author":[{"embeddable":true,"href":"https:\/\/abd-elect.be\/nl\/wp-json\/wp\/v2\/users\/3"}],"replies":[{"embeddable":true,"href":"https:\/\/abd-elect.be\/nl\/wp-json\/wp\/v2\/comments?post=83"}],"version-history":[{"count":0,"href":"https:\/\/abd-elect.be\/nl\/wp-json\/wp\/v2\/pages\/83\/revisions"}],"wp:attachment":[{"href":"https:\/\/abd-elect.be\/nl\/wp-json\/wp\/v2\/media?parent=83"}],"curies":[{"name":"wp","href":"https:\/\/api.w.org\/{rel}","templated":true}]}}